{"id":3,"date":"2024-05-23T11:00:03","date_gmt":"2024-05-23T09:00:03","guid":{"rendered":"https:\/\/kinesisgyogytorna.hu\/?page_id=3"},"modified":"2024-11-18T13:10:27","modified_gmt":"2024-11-18T12:10:27","slug":"adatvedelmi-tajekoztato","status":"publish","type":"page","link":"https:\/\/kinesisgyogytorna.hu\/de\/adatvedelmi-tajekoztato\/","title":{"rendered":"Datenschutzerkl\u00e4rung"},"content":{"rendered":"<div data-elementor-type=\"wp-page\" data-elementor-id=\"3\" class=\"elementor elementor-3\" data-elementor-post-type=\"page\">\n\t\t\t\t<div class=\"elementor-element elementor-element-72bbbe7c e-flex e-con-boxed e-con e-parent\" data-id=\"72bbbe7c\" data-element_type=\"container\" data-e-type=\"container\">\n\t\t\t\t\t<div class=\"e-con-inner\">\n\t\t\t\t<div class=\"elementor-element elementor-element-6a468643 elementor-widget elementor-widget-text-editor\" data-id=\"6a468643\" data-element_type=\"widget\" data-e-type=\"widget\" data-widget_type=\"text-editor.default\">\n\t\t\t\t<div class=\"elementor-widget-container\">\n\t\t\t\t\t\t\t\t\t\n<h2 class=\"wp-block-heading\"><\/h2>\n\n\n\n<p><\/p>\n\t\t\t\t\t\t\t\t<\/div>\n\t\t\t\t<\/div>\n\t\t\t\t\t<\/div>\n\t\t\t\t<\/div>\n\t\t\t\t<section class=\"elementor-section elementor-top-section elementor-element elementor-element-543b6693 elementor-section-boxed elementor-section-height-default elementor-section-height-default\" data-id=\"543b6693\" data-element_type=\"section\" data-e-type=\"section\" data-settings=\"{&quot;background_background&quot;:&quot;classic&quot;,&quot;shape_divider_bottom&quot;:&quot;wave-brush&quot;}\">\n\t\t\t\t\t\t\t<div class=\"elementor-background-overlay\"><\/div>\n\t\t\t\t\t\t<div class=\"elementor-shape elementor-shape-bottom\" aria-hidden=\"true\" data-negative=\"false\">\n\t\t\t<svg xmlns=\"http:\/\/www.w3.org\/2000\/svg\" viewbox=\"0 0 283.5 27.8\" preserveaspectratio=\"none\">\n\t<path class=\"elementor-shape-fill\" d=\"M283.5,9.7c0,0-7.3,4.3-14,4.6c-6.8,0.3-12.6,0-20.9-1.5c-11.3-2-33.1-10.1-44.7-5.7\ts-12.1,4.6-18,7.4c-6.6,3.2-20,9.6-36.6,9.3C131.6,23.5,99.5,7.2,86.3,8c-1.4,0.1-6.6,0.8-10.5,2c-3.8,1.2-9.4,3.8-17,4.7\tc-3.2,0.4-8.3,1.1-14.2,0.9c-1.5-0.1-6.3-0.4-12-1.6c-5.7-1.2-11-3.1-15.8-3.7C6.5,9.2,0,10.8,0,10.8V0h283.5V9.7z M260.8,11.3\tc-0.7-1-2-0.4-4.3-0.4c-2.3,0-6.1-1.2-5.8-1.1c0.3,0.1,3.1,1.5,6,1.9C259.7,12.2,261.4,12.3,260.8,11.3z M242.4,8.6\tc0,0-2.4-0.2-5.6-0.9c-3.2-0.8-10.3-2.8-15.1-3.5c-8.2-1.1-15.8,0-15.1,0.1c0.8,0.1,9.6-0.6,17.6,1.1c3.3,0.7,9.3,2.2,12.4,2.7\tC239.9,8.7,242.4,8.6,242.4,8.6z M185.2,8.5c1.7-0.7-13.3,4.7-18.5,6.1c-2.1,0.6-6.2,1.6-10,2c-3.9,0.4-8.9,0.4-8.8,0.5\tc0,0.2,5.8,0.8,11.2,0c5.4-0.8,5.2-1.1,7.6-1.6C170.5,14.7,183.5,9.2,185.2,8.5z M199.1,6.9c0.2,0-0.8-0.4-4.8,1.1\tc-4,1.5-6.7,3.5-6.9,3.7c-0.2,0.1,3.5-1.8,6.6-3C197,7.5,199,6.9,199.1,6.9z M283,6c-0.1,0.1-1.9,1.1-4.8,2.5s-6.9,2.8-6.7,2.7\tc0.2,0,3.5-0.6,7.4-2.5C282.8,6.8,283.1,5.9,283,6z M31.3,11.6c0.1-0.2-1.9-0.2-4.5-1.2s-5.4-1.6-7.8-2C15,7.6,7.3,8.5,7.7,8.6\tC8,8.7,15.9,8.3,20.2,9.3c2.2,0.5,2.4,0.5,5.7,1.6S31.2,11.9,31.3,11.6z M73,9.2c0.4-0.1,3.5-1.6,8.4-2.6c4.9-1.1,8.9-0.5,8.9-0.8\tc0-0.3-1-0.9-6.2-0.3S72.6,9.3,73,9.2z M71.6,6.7C71.8,6.8,75,5.4,77.3,5c2.3-0.3,1.9-0.5,1.9-0.6c0-0.1-1.1-0.2-2.7,0.2\tC74.8,5.1,71.4,6.6,71.6,6.7z M93.6,4.4c0.1,0.2,3.5,0.8,5.6,1.8c2.1,1,1.8,0.6,1.9,0.5c0.1-0.1-0.8-0.8-2.4-1.3\tC97.1,4.8,93.5,4.2,93.6,4.4z M65.4,11.1c-0.1,0.3,0.3,0.5,1.9-0.2s2.6-1.3,2.2-1.2s-0.9,0.4-2.5,0.8C65.3,10.9,65.5,10.8,65.4,11.1\tz M34.5,12.4c-0.2,0,2.1,0.8,3.3,0.9c1.2,0.1,2,0.1,2-0.2c0-0.3-0.1-0.5-1.6-0.4C36.6,12.8,34.7,12.4,34.5,12.4z M152.2,21.1\tc-0.1,0.1-2.4-0.3-7.5-0.3c-5,0-13.6-2.4-17.2-3.5c-3.6-1.1,10,3.9,16.5,4.1C150.5,21.6,152.3,21,152.2,21.1z\"\/>\n\t<path class=\"elementor-shape-fill\" d=\"M269.6,18c-0.1-0.1-4.6,0.3-7.2,0c-7.3-0.7-17-3.2-16.6-2.9c0.4,0.3,13.7,3.1,17,3.3\tC267.7,18.8,269.7,18,269.6,18z\"\/>\n\t<path class=\"elementor-shape-fill\" d=\"M227.4,9.8c-0.2-0.1-4.5-1-9.5-1.2c-5-0.2-12.7,0.6-12.3,0.5c0.3-0.1,5.9-1.8,13.3-1.2\tS227.6,9.9,227.4,9.8z\"\/>\n\t<path class=\"elementor-shape-fill\" d=\"M204.5,13.4c-0.1-0.1,2-1,3.2-1.1c1.2-0.1,2,0,2,0.3c0,0.3-0.1,0.5-1.6,0.4\tC206.4,12.9,204.6,13.5,204.5,13.4z\"\/>\n\t<path class=\"elementor-shape-fill\" d=\"M201,10.6c0-0.1-4.4,1.2-6.3,2.2c-1.9,0.9-6.2,3.1-6.1,3.1c0.1,0.1,4.2-1.6,6.3-2.6\tS201,10.7,201,10.6z\"\/>\n\t<path class=\"elementor-shape-fill\" d=\"M154.5,26.7c-0.1-0.1-4.6,0.3-7.2,0c-7.3-0.7-17-3.2-16.6-2.9c0.4,0.3,13.7,3.1,17,3.3\tC152.6,27.5,154.6,26.8,154.5,26.7z\"\/>\n\t<path class=\"elementor-shape-fill\" d=\"M41.9,19.3c0,0,1.2-0.3,2.9-0.1c1.7,0.2,5.8,0.9,8.2,0.7c4.2-0.4,7.4-2.7,7-2.6\tc-0.4,0-4.3,2.2-8.6,1.9c-1.8-0.1-5.1-0.5-6.7-0.4S41.9,19.3,41.9,19.3z\"\/>\n\t<path class=\"elementor-shape-fill\" d=\"M75.5,12.6c0.2,0.1,2-0.8,4.3-1.1c2.3-0.2,2.1-0.3,2.1-0.5c0-0.1-1.8-0.4-3.4,0\tC76.9,11.5,75.3,12.5,75.5,12.6z\"\/>\n\t<path class=\"elementor-shape-fill\" d=\"M15.6,13.2c0-0.1,4.3,0,6.7,0.5c2.4,0.5,5,1.9,5,2c0,0.1-2.7-0.8-5.1-1.4\tC19.9,13.7,15.7,13.3,15.6,13.2z\"\/>\n<\/svg>\t\t<\/div>\n\t\t\t\t\t<div class=\"elementor-container elementor-column-gap-default\">\n\t\t\t\t\t<div class=\"elementor-column elementor-col-100 elementor-top-column elementor-element elementor-element-133c6a64\" data-id=\"133c6a64\" data-element_type=\"column\" data-e-type=\"column\">\n\t\t\t<div class=\"elementor-widget-wrap elementor-element-populated\">\n\t\t\t\t\t\t<div class=\"elementor-element elementor-element-120bd2f2 elementor-icon-list--layout-inline elementor-align-center elementor-list-item-link-full_width elementor-invisible elementor-widget elementor-widget-icon-list\" data-id=\"120bd2f2\" data-element_type=\"widget\" data-e-type=\"widget\" data-settings=\"{&quot;_animation&quot;:&quot;fadeIn&quot;,&quot;_animation_delay&quot;:200}\" data-widget_type=\"icon-list.default\">\n\t\t\t\t<div class=\"elementor-widget-container\">\n\t\t\t\t\t\t\t<ul class=\"elementor-icon-list-items elementor-inline-items\">\n\t\t\t\t\t\t\t<li class=\"elementor-icon-list-item elementor-inline-item\">\n\t\t\t\t\t\t\t\t\t\t\t<a href=\"#\">\n\n\t\t\t\t\t\t\t\t\t\t\t<span class=\"elementor-icon-list-text\">Start<\/span>\n\t\t\t\t\t\t\t\t\t\t\t<\/a>\n\t\t\t\t\t\t\t\t\t<\/li>\n\t\t\t\t\t\t\t\t<li class=\"elementor-icon-list-item elementor-inline-item\">\n\t\t\t\t\t\t\t\t\t\t\t<a href=\"#\">\n\n\t\t\t\t\t\t\t\t\t\t\t\t<span class=\"elementor-icon-list-icon\">\n\t\t\t\t\t\t\t<i aria-hidden=\"true\" class=\"icon icon-right-arrow\"><\/i>\t\t\t\t\t\t<\/span>\n\t\t\t\t\t\t\t\t\t\t<span class=\"elementor-icon-list-text\"><\/span>\n\t\t\t\t\t\t\t\t\t\t\t<\/a>\n\t\t\t\t\t\t\t\t\t<\/li>\n\t\t\t\t\t\t<\/ul>\n\t\t\t\t\t\t<\/div>\n\t\t\t\t<\/div>\n\t\t\t\t\t<\/div>\n\t\t<\/div>\n\t\t\t\t\t<\/div>\n\t\t<\/section>\n\t\t\t\t<section class=\"elementor-section elementor-top-section elementor-element elementor-element-2db52e06 elementor-section-boxed elementor-section-height-default elementor-section-height-default\" data-id=\"2db52e06\" data-element_type=\"section\" data-e-type=\"section\">\n\t\t\t\t\t\t<div class=\"elementor-container elementor-column-gap-default\">\n\t\t\t\t\t<div class=\"elementor-column elementor-col-100 elementor-top-column elementor-element elementor-element-64d6fb66\" data-id=\"64d6fb66\" data-element_type=\"column\" data-e-type=\"column\">\n\t\t\t<div class=\"elementor-widget-wrap elementor-element-populated\">\n\t\t\t\t\t\t<div class=\"elementor-element elementor-element-11c82e61 elementor-widget elementor-widget-text-editor\" data-id=\"11c82e61\" data-element_type=\"widget\" data-e-type=\"widget\" data-widget_type=\"text-editor.default\">\n\t\t\t\t<div class=\"elementor-widget-container\">\n\t\t\t\t\t\t\t\t\t<p>Jelen dokumentum Szilbek-Kir\u00e1ly Lilla egy\u00e9ni v\u00e1llalkoz\u00f3, mint adatkezel\u0151 (a tov\u00e1bbiakban: Adatkezel\u0151) \u00fcgyfelei, valamint a weboldala (<a href=\"https:\/\/kinesisgyogytorna.hu\/de\/\">www.kinesisgyogytorna.hu<\/a>) l\u00e1togat\u00f3i r\u00e9sz\u00e9re ad t\u00e1j\u00e9koztat\u00e1st.<span class=\"Apple-converted-space\">\u00a0<\/span><\/p>\n<p><span class=\"Apple-converted-space\">\u00a0\u00a0<\/span><\/p>\n<ol>\n<li><b><\/b><b> Jelen dokumentum c\u00e9lja<\/b><\/li>\n<\/ol>\n<p>Az Adatkezel\u0151 \u00fcgyfelei (a tov\u00e1bbiakban: \u00c9rintett), szem\u00e9lyes adatait kezeli az inform\u00e1ci\u00f3s \u00f6nrendelkez\u00e9si jogr\u00f3l \u00e9s az inform\u00e1ci\u00f3szabads\u00e1gr\u00f3l sz\u00f3l\u00f3 2011. \u00e9vi CXII. t\u00f6rv\u00e9ny (a tov\u00e1bbiakban: Infotv.), tov\u00e1bb\u00e1 a term\u00e9szetes szem\u00e9lyeknek a szem\u00e9lyes adatok kezel\u00e9se tekintet\u00e9ben t\u00f6rt\u00e9n\u0151 v\u00e9delm\u00e9r\u0151l \u00e9s az ilyen adatok szabad \u00e1raml\u00e1s\u00e1r\u00f3l, valamint a 95\/46\/EK rendelet hat\u00e1lyon k\u00edv\u00fcl helyez\u00e9s\u00e9r\u0151l sz\u00f3l\u00f3 az Eur\u00f3pai Parlament \u00e9s a Tan\u00e1cs (EU) 2016\/679 rendelet (2016. \u00e1prilis 27.) \u00e1ltal el\u0151\u00edrtakkal (a tov\u00e1bbiakban: Rendelet, GDPR) \u00f6sszhangban.<\/p>\n<p>Adatkezel\u0151 ez\u00faton t\u00e1j\u00e9koztatja az \u00c9rintetteket az adatkezel\u00e9sekkel kapcsolatban, az \u00e1ltala kezelt szem\u00e9lyes adatokr\u00f3l, az adatkezel\u00e9s c\u00e9lj\u00e1r\u00f3l, az adatok meg\u0151rz\u00e9si idej\u00e9r\u0151l, t\u00e1rol\u00e1s\u00e1nak, tov\u00e1bb\u00edt\u00e1s\u00e1nak m\u00f3dj\u00e1r\u00f3l, szem\u00e9lyes adatok kezel\u00e9se k\u00f6r\u00e9ben k\u00f6vetett elveir\u0151l \u00e9s gyakorlat\u00e1r\u00f3l, valamint az \u00e9rintettek jogai gyakorl\u00e1s\u00e1nak m\u00f3dj\u00e1r\u00f3l \u00e9s lehet\u0151s\u00e9geir\u0151l.<\/p>\n<p>Az Adatkezel\u0151 fenntartja a jogot, hogy a jelen dokumentumot b\u00e1rmikor egyoldal\u00faan m\u00f3dos\u00edtsa.<\/p>\n<ol start=\"2\">\n<li><b><\/b><b>Az adatkezel\u0151<\/b><\/li>\n<\/ol>\n<p>A szem\u00e9lyes adatok kezel\u0151je Szilbek-Kir\u00e1ly Lilla<span class=\"Apple-converted-space\">\u00a0 <\/span>egy\u00e9ni v\u00e1llalkoz\u00f3.<\/p>\n<p>Sz\u00e9khely: 9025 Gy\u0151r, Lakatos u. 8\/B fsz. 1.ajt\u00f3<\/p>\n<p>Ad\u00f3sz\u00e1m: 67796553-2-28<\/p>\n<p>\u00c1NTSZ M\u0171k\u00f6d\u00e9si enged\u00e9ly sz\u00e1ma: GY-02\/NEO\/4231-2\/2023.<\/p>\n<p><b>Az adatkezel\u0151 el\u00e9rhet\u0151s\u00e9ge:<\/b><span class=\"Apple-converted-space\">\u00a0 <\/span><a href=\"mailto:kinesisgyogytorna@gmail.com\">kinesisgyogytorna@gmail.com<\/a><span class=\"Apple-converted-space\">\u00a0<\/span><\/p>\n<p>Az Adatkezel\u0151 saj\u00e1t d\u00f6nt\u00e9se alapj\u00e1n nem jel\u00f6l ki adatv\u00e9delmi tisztvisel\u0151t, mert tev\u00e9kenys\u00e9ge nem esik abba a kateg\u00f3ri\u00e1ba, ahol ezen poz\u00edci\u00f3 kijel\u00f6l\u00e9se k\u00f6telez\u0151.<span class=\"Apple-converted-space\">\u00a0<\/span><\/p>\n<p>Az Adatkezel\u0151 ett\u0151l f\u00fcggetlen\u00fcl b\u00e1rmilyen, adatv\u00e9delemmel kapcsolatos \u00fcgyben kereshet\u0151, \u00e9s az \u0151 feladata eld\u00f6nteni, hogy k\u00fcls\u0151 tan\u00e1csad\u00f3 seg\u00edts\u00e9g\u00e9t ig\u00e9nybe kell-e venni vagy sem.<span class=\"Apple-converted-space\">\u00a0 \u00a0<\/span><\/p>\n<p><span class=\"Apple-converted-space\">\u00a0 <\/span><\/p>\n<ol start=\"3\">\n<li><b><\/b><b>Az Adatkezel\u0151 \u00e1ltal t\u00f6rt\u00e9n\u0151 adatkezel\u00e9sek r\u00e9szletez\u00e9se<\/b><b><\/b><\/li>\n<\/ol>\n<ol>\n<li style=\"list-style-type: none;\">\n<ol>\n<li><b> Az adatkezel\u0151 \u00e1ltal ny\u00fajtott eg\u00e9szs\u00e9g\u00fcgyi szolg\u00e1ltat\u00e1sok sor\u00e1n t\u00f6rt\u00e9n\u0151 adatkezel\u00e9s<\/b><b><\/b><\/li>\n<\/ol>\n<\/li>\n<\/ol>\n<p><b>Az adatkezel\u00e9s c\u00e9lja:<\/b><span class=\"Apple-converted-space\">\u00a0 <\/span>Eg\u00e9szs\u00e9g\u00fcgyi szolg\u00e1ltat\u00e1s ny\u00fajt\u00e1sa, melyre az Adatkezel\u0151 a GY-02\/NEO\/4231-2\/2023 sz\u00e1mon nyilv\u00e1ntartott enged\u00e9ly alapj\u00e1n jogosult.<\/p>\n<p><b>Az adatkezel\u00e9s jogalapja:<\/b><span class=\"Apple-converted-space\">\u00a0<\/span><\/p>\n<ul>\n<li>Szerz\u0151d\u00e9s teljes\u00edt\u00e9se a GDPR 6 cikk\u00e9nek b) pontja szerint : az adatkezel\u00e9s olyan szerz\u0151d\u00e9s teljes\u00edt\u00e9s\u00e9hez sz\u00fcks\u00e9ges, amelyben az \u00e9rintett az egyik f\u00e9l, vagy az a szerz\u0151d\u00e9s megk\u00f6t\u00e9s\u00e9t megel\u0151z\u0151en az \u00e9rintett k\u00e9r\u00e9s\u00e9re t\u00f6rt\u00e9n\u0151 l\u00e9p\u00e9sek megt\u00e9tel\u00e9hez sz\u00fcks\u00e9ges;<\/li>\n<li>Eg\u00e9szs\u00e9g\u00fcgyi adatok tekintet\u00e9ben a jogalap a GDPR rendelet 9 cikk\u00e9nek h) pontja : Az adatkezel\u00e9s megel\u0151z\u0151 eg\u00e9szs\u00e9g\u00fcgyi vagy munkahelyi eg\u00e9szs\u00e9g\u00fcgyi c\u00e9lokb\u00f3l, a munkav\u00e1llal\u00f3 munkav\u00e9gz\u00e9si k\u00e9pess\u00e9g\u00e9nek felm\u00e9r\u00e9se, orvosi diagn\u00f3zis fel\u00e1ll\u00edt\u00e1sa, eg\u00e9szs\u00e9g\u00fcgyi vagy szoci\u00e1lis ell\u00e1t\u00e1s vagy kezel\u00e9s ny\u00fajt\u00e1sa, illetve eg\u00e9szs\u00e9g\u00fcgyi vagy szoci\u00e1lis rendszerek \u00e9s szolg\u00e1ltat\u00e1sok ir\u00e1ny\u00edt\u00e1sa \u00e9rdek\u00e9ben sz\u00fcks\u00e9ges, uni\u00f3s vagy tag\u00e1llami jog alapj\u00e1n vagy eg\u00e9szs\u00e9g\u00fcgyi szakemberrel k\u00f6t\u00f6tt szerz\u0151d\u00e9s \u00e9rtelm\u00e9ben.<span class=\"Apple-converted-space\">\u00a0<\/span><\/li>\n<\/ul>\n<p><b>A kezelt adatok k\u00f6re:<\/b> Az \u00e9rintett neve, el\u00e9rhet\u0151s\u00e9ge(i), valamint az eg\u00e9szs\u00e9g\u00fcgyi szolg\u00e1ltat\u00e1s ny\u00fajt\u00e1s\u00e1hoz sz\u00fcks\u00e9ges eg\u00e9szs\u00e9g\u00fcgyi adatok, pl el\u0151zetes diagn\u00f3zis, RTG, CT, MRI felv\u00e9tel, stb.<span class=\"Apple-converted-space\">\u00a0<\/span><\/p>\n<p><b>Az adatok meg\u0151rz\u00e9s\u00e9nek ideje:<\/b> A kezel\u00e9s, vagy kezel\u00e9sek v\u00e9gezet\u00e9ig. Amennyiben a p\u00e1ciens kezel\u00e9se tov\u00e1bbiakban nem indokolt, a vele kapcsolatos eg\u00e9szs\u00e9g\u00fcgyi adatokat az adatkezel\u0151 v\u00e9g\u00e9rv\u00e9nyesen megsemmis\u00edti.<span class=\"Apple-converted-space\">\u00a0<\/span><\/p>\n<p><b>Az adatkezel\u00e9s helye:<\/b> az Adatkezel\u0151 telephely\u00e9n tal\u00e1lhat\u00f3 informatikai eszk\u00f6z\u00f6k, a pap\u00edr alap\u00fa iratok, sz\u00e1ml\u00e1k eset\u00e9n az Adatkezel\u0151 iratt\u00e1ra.<\/p>\n<p><b>Adattov\u00e1bb\u00edt\u00e1s:<\/b> Nem t\u00f6rt\u00e9nik.<\/p>\n<p><b>A szolg\u00e1ltat\u00e1s ny\u00fajt\u00e1sa sor\u00e1n ig\u00e9nybe vett adatfeldolgoz\u00f3k: <\/b>nincs<\/p>\n<ol start=\"3\">\n<li style=\"list-style-type: none;\">\n<ol start=\"2\">\n<li><b>Az Adatkezel\u0151 \u00e1ltal, a szolg\u00e1ltat\u00e1s p\u00e9nz\u00fcgyi teljes\u00edt\u00e9se (sz\u00e1mla ki\u00e1ll\u00edt\u00e1s) sor\u00e1n t\u00f6rt\u00e9n\u0151 adatkezel\u00e9s<\/b><b><\/b><\/li>\n<\/ol>\n<\/li>\n<\/ol>\n<p><b>Az adatkezel\u00e9s c\u00e9lja:<\/b> <span class=\"Apple-converted-space\">\u00a0 <\/span>szolg\u00e1ltat\u00e1sr\u00f3l sz\u00e1mla, bizonylat ki\u00e1ll\u00edt\u00e1sa, \u00e9s az Adatkezel\u0151t terhel\u0151 bizonylati rend megtart\u00e1s\u00e1val, \u00e9s a bizonylatol\u00e1ssal kapcsolatos k\u00f6telezetts\u00e9g teljes\u00edt\u00e9se.<\/p>\n<p><b>Az adatkezel\u00e9s jogalapja:<\/b> az adatkezel\u00e9s jogalapja a Sz\u00e1mviteli tv. 169. \u00a7 (2) bekezd\u00e9se.<\/p>\n<p><b>A kezelt adatok k\u00f6re:<\/b> sz\u00e1ml\u00e1z\u00e1si n\u00e9v, e-mail c\u00edm, sz\u00e1ml\u00e1z\u00e1si c\u00edm (ir\u00e1ny\u00edt\u00f3sz\u00e1m, telep\u00fcl\u00e9s, c\u00edm),<span class=\"Apple-converted-space\">\u00a0<\/span><\/p>\n<p><b>Az adatok meg\u0151rz\u00e9s\u00e9nek ideje:<\/b> a Sz\u00e1mviteli tv. 169. \u00a7 (2) bekezd\u00e9se szerint a sz\u00e1mla ki\u00e1ll\u00edt\u00e1sa \u00e9v\u00e9nek utols\u00f3 napj\u00e1t k\u00f6vet\u0151 8. \u00e9v utols\u00f3 napja.<\/p>\n<p><b>Az adatkezel\u00e9s helye:<\/b> az Adatkezel\u0151 telephely\u00e9n tal\u00e1lhat\u00f3 informatikai eszk\u00f6z\u00f6k, a pap\u00edr alap\u00fa iratok, sz\u00e1ml\u00e1k eset\u00e9n az Adatkezel\u0151 iratt\u00e1ra.<\/p>\n<p><b>Adattov\u00e1bb\u00edt\u00e1s:<\/b> A sz\u00e1ml\u00e1k a Nemzeti Ad\u00f3- \u00e9s V\u00e1mhivatal r\u00e9sz\u00e9re tov\u00e1bb\u00edt\u00e1sra ker\u00fclnek<\/p>\n<p><b>A sz\u00e1mlaki\u00e1ll\u00edt\u00e1s sor\u00e1n ig\u00e9nybe vett adatfeldolgoz\u00f3k:<span class=\"Apple-converted-space\">\u00a0<\/span><\/b><\/p>\n<table cellspacing=\"0\" cellpadding=\"0\">\n<tbody>\n<tr>\n<td valign=\"middle\">\n<p><b>Adatfeldolgoz\u00f3<\/b><b><\/b><\/p>\n<\/td>\n<td valign=\"middle\">\n<p><b>Milyen szem\u00e9lyes adatokhoz f\u00e9r hozz\u00e1? Milyen m\u00f3don haszn\u00e1lhatja fel az adott szem\u00e9lyes adatot (milyen tev\u00e9kenys\u00e9get v\u00e9gez az Adatkezel\u0151 r\u00e9sz\u00e9re)?<\/b><b><\/b><\/p>\n<\/td>\n<td valign=\"middle\">\n<p><b>Mennyi ideig t\u00e1rolhatja az adatokat?<\/b><b><\/b><\/p>\n<\/td>\n<\/tr>\n<tr>\n<td valign=\"middle\">\n<p><b>Nemzeti Ad\u00f3- \u00e9s V\u00e1mhivatal<\/b><\/p>\n<p>1077 BUDAPEST, DOB UTCA 75-81..<\/p>\n<\/td>\n<td valign=\"middle\">\n<p>A NAV Online sz\u00e1ml\u00e1z\u00f3 alkalmaz\u00e1s \u00fczemeltet\u0151je, a sz\u00e1mlak\u00e9sz\u00edt\u00e9shez \u00e9s t\u00e1rol\u00e1shoz sz\u00fcks\u00e9ges infrastrukt\u00far\u00e1t biztos\u00edtja<\/p>\n<\/td>\n<td valign=\"middle\">\n<p>am\u00edg a rendszer\u00e9t haszn\u00e1lja az Adatkezel\u0151 sz\u00e1ml\u00e1z\u00e1shoz<\/p>\n<\/td>\n<\/tr>\n<tr>\n<td valign=\"middle\">\n<p><b>Csizmazia Tam\u00e1s e.v.<\/b><\/p>\n<p>Sz\u00e9khely: 9026 Gy\u0151r, Gy\u00fcm\u00f6lcs u. 20.<\/p>\n<p>Ad\u00f3sz\u00e1m: 65537938-1-28<\/p>\n<\/td>\n<td valign=\"middle\">\n<p>A v\u00e1llalkoz\u00e1s k\u00f6nyvel\u00e9s\u00e9t v\u00e9gzi,\u00edgy a ki\u00e1ll\u00edtott sz\u00e1ml\u00e1n szerepl\u0151 adatokba betekint\u00e9st nyer<\/p>\n<\/td>\n<td valign=\"middle\">\n<p>Am\u00edg az adatkezel\u0151 vele szerz\u0151d\u00e9ses jogviszonyban \u00e1ll<\/p>\n<\/td>\n<\/tr>\n<tr>\n<td valign=\"middle\">\n<p><b>Rackhost Zrt<span class=\"Apple-converted-space\">\u00a0<\/span><\/b><\/p>\n<p>6722 Szeged, Tisza Lajos Krt. 41<\/p>\n<\/td>\n<td valign=\"middle\">\n<p>Az Adatkezel\u0151 weboldal\u00e1nak t\u00e1rhelyszolg\u00e1ltat\u00f3ja, a weboldalon kereszt\u00fcl k\u00fcld\u00f6tt szem\u00e9lyes adatok az \u0151 szerverein kereszt\u00fcl mennek. <span class=\"Apple-converted-space\">\u00a0<\/span><\/p>\n<\/td>\n<td valign=\"middle\">\n<p>Am\u00edg a weboldal t\u00e1rhely\u00e9t szolg\u00e1ltatja<\/p>\n<\/td>\n<\/tr>\n<\/tbody>\n<\/table>\n<ol>\n<li style=\"list-style-type: none;\">\n<ol start=\"3\">\n<li><b> Panaszkezel\u00e9s<span class=\"Apple-converted-space\">\u00a0<\/span><\/b><b><\/b><\/li>\n<\/ol>\n<\/li>\n<\/ol>\n<p><b>Az adatkezel\u00e9s c\u00e9lja:<\/b> A v\u00e1s\u00e1rl\u00f3i panaszok kivizsg\u00e1l\u00e1sa, dokument\u00e1l\u00e1sa, valamint azokra val\u00f3 reag\u00e1l\u00e1s<\/p>\n<p><b>Az adatkezel\u00e9s jogalapja:<\/b> Jogi k\u00f6telezetts\u00e9g teljes\u00edt\u00e9se, a fogyaszt\u00f3v\u00e9delemr\u0151l sz\u00f3l\u00f3 1997. \u00e9vi CLV. t\u00f6rv\u00e9ny 17\/A. \u00a7 (7) bekezd\u00e9se alapj\u00e1n, valamint az E\u00fctv. 29. \u00a7 (1)-(4) <span class=\"Apple-converted-space\">\u00a0 <\/span>bekezd\u00e9sei alapj\u00e1n.<span class=\"Apple-converted-space\">\u00a0<\/span><\/p>\n<p><b>A kezelt adatok k\u00f6re:<\/b> sz\u00e1ml\u00e1z\u00e1si n\u00e9v, e-mail c\u00edm, telefonsz\u00e1m, sz\u00e1ml\u00e1z\u00e1si c\u00edm (ir\u00e1ny\u00edt\u00f3sz\u00e1m, telep\u00fcl\u00e9s, c\u00edm), sz\u00e1ll\u00edt\u00e1si c\u00edm (ir\u00e1ny\u00edt\u00f3sz\u00e1m, telep\u00fcl\u00e9s, c\u00edm)<\/p>\n<p><b>Az adatok meg\u0151rz\u00e9s\u00e9nek ideje:<\/b> A kifog\u00e1sr\u00f3l felvett jegyz\u0151k\u00f6nyv, \u00e1tirat \u00e9s az arra adott v\u00e1lasz m\u00e1solati p\u00e9ld\u00e1nyait a fogyaszt\u00f3v\u00e9delemr\u0151l sz\u00f3l\u00f3 1997. \u00e9vi CLV. t\u00f6rv\u00e9ny 17\/A. \u00a7 (7) bekezd\u00e9se alapj\u00e1n 3 \u00e9vig kell meg\u0151rizni.<\/p>\n<p><b>Az adatkezel\u00e9s helye:<\/b> az Adatkezel\u0151 telephely\u00e9n tal\u00e1lhat\u00f3 informatikai eszk\u00f6z\u00f6k, a pap\u00edr alap\u00fa iratok, sz\u00e1ml\u00e1k eset\u00e9n az Adatkezel\u0151 iratt\u00e1ra.<\/p>\n<p><b>Adattov\u00e1bb\u00edt\u00e1s:<\/b> nem t\u00f6rt\u00e9nik<\/p>\n<p><b>Ig\u00e9nybe vett adatfeldolgoz\u00f3k: <\/b>nincs<\/p>\n<p>T\u00e1j\u00e9koztatom, hogy az E\u00fctv. 30. \u00a7-a szerinti betegjogi k\u00e9pvisel\u0151 k\u00fcl\u00f6n\u00f6sen seg\u00edti a beteget az eg\u00e9szs\u00e9g\u00fcgyi dokument\u00e1ci\u00f3hoz val\u00f3 hozz\u00e1jut\u00e1sban, azzal kapcsolatos megjegyz\u00e9sek, k\u00e9rd\u00e9sek felt\u00e9tel\u00e9ben, seg\u00edt a betegnek panasza megfogalmaz\u00e1s\u00e1ban, kezdem\u00e9nyezheti annak kivizsg\u00e1l\u00e1s\u00e1t, a beteg \u00edr\u00e1sbeli meghatalmaz\u00e1sa alapj\u00e1n panaszt tehet az eg\u00e9szs\u00e9g\u00fcgyi szolg\u00e1ltat\u00f3 vezet\u0151j\u00e9n\u00e9l, illetve \u2013 a beteg gy\u00f3gykezel\u00e9s\u00e9vel \u00f6sszef\u00fcgg\u0151 \u00fcgyekben \u2013 elj\u00e1r az arra hat\u00e1sk\u00f6rrel \u00e9s illet\u00e9kess\u00e9ggel rendelkez\u0151 hat\u00f3s\u00e1gn\u00e1l, \u00e9s ennek sor\u00e1n k\u00e9pviseli a beteget.<\/p>\n<p><b>Illet\u00e9kes betegjogi k\u00e9pvisel\u0151:<\/b><\/p>\n<p>n\u00e9v: Dr. Borb\u00e9ly Em\u0151ke<\/p>\n<p>telefonos el\u00e9rhet\u0151s\u00e9g: 06\/20-4899-592 (amelyen el\u00e9rhet\u0151 h\u00e9tf\u0151t\u0151l &#8211; cs\u00fct\u00f6rt\u00f6kig 08:00 \u2013 16:30 \u00f3ra k\u00f6z\u00f6tt, p\u00e9nteken 08:00 \u2013 14:00 \u00f3ra k\u00f6z\u00f6tt)<\/p>\n<p>e-mail c\u00edm: emoke.borbely@ijsz.bm.gov.hu<\/p>\n<p>Fogad\u00f3\u00f3ra id\u0151pontja: telefonon el\u0151re egyeztetett id\u0151pontban<\/p>\n<p>Fogad\u00f3\u00f3ra helye: Petz Alad\u00e1r Egyetemi Oktat\u00f3 K\u00f3rh\u00e1z,Gy\u0151r, Vasv\u00e1ri P\u00e1l u. 2-4. A2 \u00e9p\u00fclet, I. emelet, Betegjogi iroda<\/p>\n<ol>\n<li style=\"list-style-type: none;\">\n<ol start=\"4\">\n<li><b>Kapcsolatfelv\u00e9tel, \u00e1ltal\u00e1nos \u00e9rdekl\u0151d\u00e9s sor\u00e1n kezelt szem\u00e9lyes adatok<\/b><b><\/b><\/li>\n<\/ol>\n<\/li>\n<\/ol>\n<p>Az Adatkezel\u0151vel kapcsolatba lehet l\u00e9pni b\u00e1rmilyen kommunik\u00e1ci\u00f3s csatorn\u00e1n, \u00e9s az \u00e9rdekl\u0151d\u0151 \u00fcgyfelek bizonyos szem\u00e9lyes adatainak kezel\u00e9se elengedhetetlen a v\u00e1laszad\u00e1shoz.<span class=\"Apple-converted-space\">\u00a0<\/span><\/p>\n<p><b>Az adatkezel\u00e9s c\u00e9lja<\/b>: Az \u00e9rdekl\u0151d\u0151 \u00fcgyfelek k\u00e9rd\u00e9seinek megv\u00e1laszol\u00e1sa<\/p>\n<p><b>Az adatkezel\u00e9s jogalapja: <\/b>Szerz\u0151d\u00e9s k\u00f6t\u00e9se \u00e9rdek\u00e9ben tett el\u0151zetes adatkezel\u00e9s<\/p>\n<p><b>A kezelt adatok k\u00f6re: <\/b>N\u00e9v, \u00e9s v\u00e1lasz ad\u00e1shoz sz\u00fcks\u00e9ges el\u00e9rhet\u0151s\u00e9g (e-mail c\u00edm), valamint az \u00fcgyf\u00e9l \u00e1ltal megadott esetleges egy\u00e9b szem\u00e9lyes adatok, pl telefonsz\u00e1m.<span class=\"Apple-converted-space\">\u00a0<\/span><\/p>\n<p><b>Az adatok meg\u0151rz\u00e9s\u00e9nek ideje: <\/b>a k\u00e9rd\u00e9s megv\u00e1laszol\u00e1s\u00e1ig<\/p>\n<p><b>Az adatkezel\u00e9s helye:<\/b> az Adatkezel\u0151 telephely\u00e9n, illet\u0151leg az Adatkezel\u0151 \u00e1ltal ig\u00e9nybe vett adatfeldolgoz\u00f3kn\u00e1l tal\u00e1lhat\u00f3 informatikai eszk\u00f6z\u00f6k.<\/p>\n<p><b>Az adatt\u00e1rol\u00e1s m\u00f3dja:<\/b> elektronikus.<\/p>\n<p><b>Adattov\u00e1bb\u00edt\u00e1s:<\/b> a jelen fejezetben foglalt adatkezel\u00e9ssel \u00e9rintett adatok tov\u00e1bb\u00edt\u00e1s\u00e1ra nem ker\u00fcl sor.<\/p>\n<p><b>A kapcsolattart\u00e1s, sor\u00e1n ig\u00e9nybe vett adatfeldolgoz\u00f3k<\/b><\/p>\n<table cellspacing=\"0\" cellpadding=\"0\">\n<tbody>\n<tr>\n<td valign=\"middle\">\n<p><b>Adatfeldolgoz\u00f3<\/b><b><\/b><\/p>\n<\/td>\n<td valign=\"middle\">\n<p><b>Milyen szem\u00e9lyes adatokhoz f\u00e9r hozz\u00e1? Milyen m\u00f3don haszn\u00e1lhatja fel az adott szem\u00e9lyes adatot (milyen tev\u00e9kenys\u00e9get v\u00e9gez az Adatkezel\u0151 r\u00e9sz\u00e9re)?<\/b><b><\/b><\/p>\n<\/td>\n<td valign=\"middle\">\n<p><b>Mennyi ideig t\u00e1rolhatja az adatokat?<\/b><b><\/b><\/p>\n<\/td>\n<\/tr>\n<tr>\n<td valign=\"middle\">\n<p><b>Google Ireland ltd<br \/><\/b>Google Building Gordon House, 4 Barrow St, Grand Canal Dock, Dublin 4, D04 V4X7, \u00cdrorsz\u00e1g<\/p>\n<\/td>\n<td valign=\"middle\">\n<p>Levelez\u0151rendszer\u00fcnk szolg\u00e1ltat\u00f3ja, az email-ek a google szerverein vannak t\u00e1rolva. Az elektronikus levelek tartalm\u00e1t az adatfeldolgoz\u00f3 nem olvassa, kiz\u00e1r\u00f3lag az infrastrukt\u00fara szolg\u00e1ltat\u00e1st l\u00e1tja el. <span class=\"Apple-converted-space\">\u00a0<\/span><\/p>\n<\/td>\n<td valign=\"middle\">\n<p>Am\u00edg a szolg\u00e1ltat\u00e1st haszn\u00e1lja az adatkezel\u0151<\/p>\n<\/td>\n<\/tr>\n<tr>\n<td valign=\"middle\">\n<p><b>Rackhost Zrt<span class=\"Apple-converted-space\">\u00a0<\/span><\/b><\/p>\n<p>6722 Szeged, Tisza Lajos Krt. 41<\/p>\n<\/td>\n<td valign=\"middle\">\n<p>Az Adatkezel\u0151 weboldal\u00e1nak t\u00e1rhelyszolg\u00e1ltat\u00f3ja, a weboldalon kereszt\u00fcl k\u00fcld\u00f6tt szem\u00e9lyes adatok az \u0151 szerverein kereszt\u00fcl mennek. <span class=\"Apple-converted-space\">\u00a0<\/span><\/p>\n<\/td>\n<td valign=\"middle\">\n<p>Am\u00edg a weboldal t\u00e1rhely\u00e9t szolg\u00e1ltatja<\/p>\n<\/td>\n<\/tr>\n<\/tbody>\n<\/table>\n<ol>\n<li style=\"list-style-type: none;\">\n<ol start=\"5\">\n<li><b>Id\u0151pontfoglal\u00e1s sor\u00e1n t\u00f6rt\u00e9n\u0151 adatkezel\u00e9s<\/b><b><\/b><\/li>\n<\/ol>\n<\/li>\n<\/ol>\n<p>Az adatkezel\u0151 szolg\u00e1ltat\u00e1s\u00e1t ig\u00e9nybe venni sz\u00e1nd\u00e9koz\u00f3knak id\u0151pontot kell foglalni, melyet az adatkezel\u0151 weboldal\u00e1n, az erre a c\u00e9lra k\u00e9sz\u00edtett id\u0151pontfoglal\u00f3 alkalmaz\u00e1son kereszt\u00fcl tudja megtenni.<span class=\"Apple-converted-space\">\u00a0<\/span><\/p>\n<p><b>Az adatkezel\u00e9s c\u00e9lja<\/b>: Id\u0151pont foglal\u00e1s, \u00e9s annak visszaigazol\u00e1sa, a szolg\u00e1ltat\u00e1s hat\u00e9konyabb\u00e1 t\u00e9tele<\/p>\n<p><b>Az adatkezel\u00e9s jogalapja: <\/b>Szerz\u0151d\u00e9s teljes\u00edt\u00e9se a GDPR 6 cikk\u00e9nek b) pontja szerint : az adatkezel\u00e9s olyan szerz\u0151d\u00e9s teljes\u00edt\u00e9s\u00e9hez sz\u00fcks\u00e9ges, amelyben az \u00e9rintett az egyik f\u00e9l, vagy az a szerz\u0151d\u00e9s megk\u00f6t\u00e9s\u00e9t megel\u0151z\u0151en az \u00e9rintett k\u00e9r\u00e9s\u00e9re t\u00f6rt\u00e9n\u0151 l\u00e9p\u00e9sek megt\u00e9tel\u00e9hez sz\u00fcks\u00e9ges;<\/p>\n<p><b>A kezelt adatok k\u00f6re: <\/b>N\u00e9v, \u00e9s az id\u0151pont visszaigazol\u00e1shoz<span class=\"Apple-converted-space\">\u00a0 <\/span>sz\u00fcks\u00e9ges el\u00e9rhet\u0151s\u00e9g (e-mail c\u00edm), valamint az \u00fcgyf\u00e9l \u00e1ltal, az id\u0151pontfoglal\u00e1s sor\u00e1n esetlegesen megadott egy\u00e9b szem\u00e9lyes adatok, pl telefonsz\u00e1m.<span class=\"Apple-converted-space\">\u00a0<\/span><\/p>\n<p><b>Az adatok meg\u0151rz\u00e9s\u00e9nek ideje: <\/b>A lefoglalt id\u0151pontban t\u00f6rt\u00e9n\u0151 szolg\u00e1ltat\u00e1s teljes\u00fcl\u00e9s\u00e9ig<\/p>\n<p><b>Az adatkezel\u00e9s helye:<\/b> az Adatkezel\u0151 telephely\u00e9n, valamint az id\u0151pontfoglal\u00e1s technikai megval\u00f3s\u00edt\u00e1s\u00e1t v\u00e9gz\u0151 Adatfeldolgoz\u00f3n\u00e1l.<span class=\"Apple-converted-space\">\u00a0<\/span><\/p>\n<p><b>Az adatt\u00e1rol\u00e1s m\u00f3dja:<\/b> elektronikus.<\/p>\n<p><b>Adattov\u00e1bb\u00edt\u00e1s:<\/b> nincs<\/p>\n<p><b>Az ig\u00e9nybe vett adatfeldolgoz\u00f3k<\/b><\/p>\n<table cellspacing=\"0\" cellpadding=\"0\">\n<tbody>\n<tr>\n<td valign=\"middle\">\n<p><b>Adatfeldolgoz\u00f3<\/b><b><\/b><\/p>\n<\/td>\n<td valign=\"middle\">\n<p><b>Milyen szem\u00e9lyes adatokhoz f\u00e9r hozz\u00e1? Milyen m\u00f3don haszn\u00e1lhatja fel az adott szem\u00e9lyes adatot (milyen tev\u00e9kenys\u00e9get v\u00e9gez az Adatkezel\u0151 r\u00e9sz\u00e9re)?<\/b><b><\/b><\/p>\n<\/td>\n<td valign=\"middle\">\n<p><b>Mennyi ideig t\u00e1rolhatja az adatokat?<\/b><b><\/b><\/p>\n<\/td>\n<\/tr>\n<tr>\n<td valign=\"middle\">\n<p><b>Google Ireland ltd<br \/><\/b>Google Building Gordon House, 4 Barrow St, Grand Canal Dock, Dublin 4, D04 V4X7, \u00cdrorsz\u00e1g<\/p>\n<\/td>\n<td valign=\"middle\">\n<p>Levelez\u0151rendszer\u00fcnk szolg\u00e1ltat\u00f3ja, az id\u0151pontfoglal\u00e1ssal kapcsolatos email-ek a google szerverein vannak t\u00e1rolva. Az elektronikus levelek tartalm\u00e1t az adatfeldolgoz\u00f3 nem olvassa, kiz\u00e1r\u00f3lag az infrastrukt\u00fara szolg\u00e1ltat\u00e1st l\u00e1tja el. <span class=\"Apple-converted-space\">\u00a0<\/span><\/p>\n<\/td>\n<td valign=\"middle\">\n<p>Am\u00edg a szolg\u00e1ltat\u00e1st haszn\u00e1lja az adatkezel\u0151<\/p>\n<\/td>\n<\/tr>\n<tr>\n<td valign=\"middle\">\n<p><b>Rackhost Zrt<span class=\"Apple-converted-space\">\u00a0<\/span><\/b><\/p>\n<p>6722 Szeged, Tisza Lajos Krt. 41<\/p>\n<\/td>\n<td valign=\"middle\">\n<p>Az Adatkezel\u0151 weboldal\u00e1nak t\u00e1rhelyszolg\u00e1ltat\u00f3ja, a weboldalon fut\u00f3 AMELIA nev\u0171 WordPress plug-in kezeli az id\u0151pontfoglal\u00e1ssal kapcsolatos adatokat.<span class=\"Apple-converted-space\">\u00a0<\/span><\/p>\n<\/td>\n<td valign=\"middle\">\n<p>Am\u00edg a weboldal t\u00e1rhely\u00e9t szolg\u00e1ltatja<\/p>\n<\/td>\n<\/tr>\n<\/tbody>\n<\/table>\n<ol>\n<li style=\"list-style-type: none;\">\n<ol start=\"6\">\n<li><b>Szolg\u00e1ltat\u00e1s vide\u00f3 k\u00e9p\u00e9nek felv\u00e9tele, valamint helysz\u00ednen, szolg\u00e1ltat\u00e1s ny\u00fajt\u00e1sa k\u00f6zbeni fot\u00f3z\u00e1s sor\u00e1n megval\u00f3sul\u00f3 adatkezel\u00e9s<\/b><\/li>\n<\/ol>\n<\/li>\n<\/ol>\n<p>Helysz\u00edni szolg\u00e1ltat\u00e1s ig\u00e9nybev\u00e9tele sor\u00e1n<span class=\"Apple-converted-space\">\u00a0 <\/span>k\u00e9sz\u00fclhetnek f\u00e9nyk\u00e9pek, videofelv\u00e9telek, de kiz\u00e1r\u00f3lag az \u00e9rintettek beleegyez\u00e9se eset\u00e9n.<span class=\"Apple-converted-space\">\u00a0<\/span><\/p>\n<p><b>Az adatkezel\u00e9s c\u00e9lja<\/b>: A szolg\u00e1ltat\u00e1s felv\u00e9tele, annak nyilv\u00e1noss\u00e1gra hozatala<\/p>\n<p><b>Az adatkezel\u00e9s jogalapja: <\/b>Az \u00e9rintett(ek) egy\u00e9rtelm\u0171, \u00e9s kifejezett hozz\u00e1j\u00e1rul\u00e1sa. Az Adatkezel\u0151 kiz\u00e1r\u00f3lag akkor k\u00e9sz\u00edt \u00e9s hoz nyilv\u00e1noss\u00e1gra felv\u00e9telt, ha ahhoz az \u00e9rintett el\u0151zetesen, \u00edr\u00e1sban beleegyezett. Az \u00e9rintettek a hozz\u00e1j\u00e1rul\u00e1sukat \u00edr\u00e1sban, az erre a c\u00e9lra k\u00e9sz\u00edtett hozz\u00e1j\u00e1rul\u00f3 nyilatkozaton tudj\u00e1k megadni.<span class=\"Apple-converted-space\">\u00a0<\/span><\/p>\n<p><b>A kezelt adatok k\u00f6re: <\/b>Az \u00e9rintett k\u00e9pm\u00e1sa, hangja, viselked\u00e9se, valamint a szolg\u00e1ltat\u00e1s ny\u00fajt\u00e1sa sor\u00e1n elhangzott esetleges egy\u00e9b szem\u00e9lyes adatok. <span class=\"Apple-converted-space\">\u00a0<\/span><\/p>\n<p><b>Az adatok meg\u0151rz\u00e9s\u00e9nek ideje: <\/b>Az \u00e9rintett hozz\u00e1j\u00e1rul\u00e1s\u00e1nak visszavon\u00e1s\u00e1ig, illetve t\u00f6rl\u00e9si k\u00e9relm\u00e9ig<\/p>\n<p><b>Az adatkezel\u00e9s helye:<\/b> az Adatkezel\u0151 telephely\u00e9n, a saj\u00e1t informatikai eszk\u00f6zein.<span class=\"Apple-converted-space\">\u00a0<\/span><\/p>\n<p><b>Az adatt\u00e1rol\u00e1s m\u00f3dja:<\/b> elektronikus.<\/p>\n<p><b>Adattov\u00e1bb\u00edt\u00e1s:<\/b> Amennyiben az \u00e9rtintett(ek) hozz\u00e1j\u00e1rul(nak), a k\u00e9sz\u00edtett vide\u00f3, illetve k\u00e9pfelv\u00e9telek k\u00f6z\u00f6ss\u00e9gi oldalakon, vagy az adatkezel\u0151 weboldal\u00e1n nyilv\u00e1noss\u00e1gra hozhat\u00f3k<\/p>\n<ol>\n<li style=\"list-style-type: none;\">\n<ol start=\"7\">\n<li><b>Cookie-k<\/b><\/li>\n<\/ol>\n<\/li>\n<\/ol>\n<p>Az <a href=\"https:\/\/kinesisgyogytorna.hu\/de\/\">www.kinesisgyogytorna.hu<\/a> weboldal bizonyos r\u00e9szeinek let\u00f6lt\u00e9sekor a webszerver automatikusan kis adatf\u00e1jlokat, \u00fan. cookie-kat (&#8222;Cookie&#8221;, &#8222;S\u00fcti&#8221;) helyez el a Felhaszn\u00e1l\u00f3 Eszk\u00f6z\u00e9re, majd a k\u00e9s\u0151bbi l\u00e1togat\u00e1s sor\u00e1n ezeket visszaolvassa. Bizonyos esetekben ezek az adatf\u00e1jlok az Infotv. illet\u0151leg a GDPR \u00e9rtelm\u00e9ben szem\u00e9lyes adatnak min\u0151s\u00fclnek, hiszen a b\u00f6ng\u00e9sz\u0151 visszak\u00fcld egy kor\u00e1bban elmentett s\u00fctit, a s\u00fctit kezel\u0151 szolg\u00e1ltat\u00f3nak lehet\u0151s\u00e9ge ny\u00edlik \u00f6sszekapcsolni a Felhaszn\u00e1l\u00f3 aktu\u00e1lis l\u00e1togat\u00e1s\u00e1t a kor\u00e1bbiakkal, de kiz\u00e1r\u00f3lag a saj\u00e1t tartalma tekintet\u00e9ben.<\/p>\n<p>A weboldal a haszn\u00e1lat sor\u00e1n az al\u00e1bbi c\u00e9lokb\u00f3l helyez el cookie-t a felhaszn\u00e1l\u00f3 eszk\u00f6z\u00e9n.<span class=\"Apple-converted-space\">\u00a0<\/span><\/p>\n<ul>\n<li>Adatkezel\u0151 <b>statisztikai adatgy\u0171jt\u00e9s<\/b> c\u00e9lj\u00e1b\u00f3l Google Analyticst haszn\u00e1l, ami s\u00fctiket helyez el az \u00d6n b\u00f6ng\u00e9sz\u0151j\u00e9ben, \u00e9s \u00edgy adatokat k\u00fcld az Adatkezel\u0151 sz\u00e1m\u00e1ra, hogy mit l\u00e1togatott az oldalon. Ezek a s\u00fctik szem\u00e9lyes adatot nem t\u00e1rolnak, arra szolg\u00e1lnak, hogy k\u00f6vetni lehessen, mit csin\u00e1lt az \u00e9rintett a honlapon. Ezen cookiek elhelyez\u00e9se a felhaszn\u00e1l\u00f3 hozz\u00e1j\u00e1rul\u00e1s\u00e1n alapszik, \u00edgy azok csak ezen hozz\u00e1j\u00e1rul\u00e1s birtok\u00e1ban ker\u00fclnek elhelyez\u00e9sre, mely hozz\u00e1j\u00e1rul\u00e1st az \u00e9rintett a felugr\u00f3 ablakban tal\u00e1lhat\u00f3 Hozz\u00e1j\u00e1rulok gombra kattintva ad meg. Ha nem szeretne a Google Analytics \u00e1ltali adatgy\u0171jt\u00e9sekben, akkor ezt elutas\u00edthatja az\u00e1ltal, hogy b\u00f6ng\u00e9sz\u0151j\u00e9ben nem adja hozz\u00e1j\u00e1rul\u00e1s\u00e1t ezen cookie-k telep\u00edt\u00e9s\u00e9hez.<\/li>\n<\/ul>\n<p>A weboldal \u00e1ltal haszn\u00e1lt s\u00fctik r\u00e9szletes list\u00e1j\u00e1r\u00f3l, valamint azok meg\u0151rz\u00e9si idej\u00e9r\u0151l a weboldal l\u00e1togat\u00e1sakor felugr\u00f3 \u00fagynevezett s\u00fcti banner ad r\u00e9szletes t\u00e1j\u00e9koztat\u00e1st<\/p>\n<p>A Felhaszn\u00e1l\u00f3 eseti alapon elfogadhatja vagy elutas\u00edthatja a Cookie-k haszn\u00e1lat\u00e1t, vagy a b\u00f6ng\u00e9sz\u0151 megfelel\u0151 be\u00e1ll\u00edt\u00e1s\u00e1val valamennyi Cookie haszn\u00e1lat\u00e1t elutas\u00edthatja. Ennek m\u00f3dj\u00e1r\u00f3l \u00e9s a Cookie-kr\u00f3l b\u0151vebb inform\u00e1ci\u00f3 a k\u00f6vetkez\u0151 webhelyen tal\u00e1lhat\u00f3: <a href=\"https:\/\/www.youronlinechoices.eu\/\" target=\"_blank\" rel=\"noopener\">https:\/\/www.youronlinechoices.eu\/<\/a><\/p>\n<p>Ha a Felhaszn\u00e1l\u00f3 a Cookie-k letilt\u00e1sa mellett d\u00f6nt, a Webhely bizonyos oldalaihoz csak korl\u00e1tozott hozz\u00e1f\u00e9r\u00e9ssel rendelkezik majd, tov\u00e1bb\u00e1 el\u0151fordulhat, hogy a Honlap bizonyos funkci\u00f3i vagy szolg\u00e1ltat\u00e1sai nem megfelel\u0151en m\u0171k\u00f6dnek majd.<\/p>\n<p><b>Az adatkezel\u00e9s c\u00e9lja<\/b>: a felhaszn\u00e1l\u00f3k azonos\u00edt\u00e1sa, egym\u00e1st\u00f3l val\u00f3 megk\u00fcl\u00f6nb\u00f6ztet\u00e9se, a felhaszn\u00e1l\u00f3k munkamenet\u00e9nek azonos\u00edt\u00e1sa, az annak sor\u00e1n megadott adatok t\u00e1rol\u00e1sa, az adatveszt\u00e9s megakad\u00e1lyoz\u00e1sa, web analitikai m\u00e9r\u00e9sek lefolytat\u00e1sa, a Honlap megfelel\u0151 \u00fczemeltet\u00e9se, felhaszn\u00e1l\u00f3i \u00e9lm\u00e9ny fokoz\u00e1sa, Felhaszn\u00e1l\u00f3k sz\u00e1m\u00e1ra hirdet\u00e9sek megjelen\u00edt\u00e9se.<\/p>\n<p><b>Az adatkezel\u00e9s jogalapja<\/b>: az \u00e9rintett hozz\u00e1j\u00e1rul\u00e1sa, melyet a Felhaszn\u00e1l\u00f3 a felugr\u00f3 cookie figyelmeztet\u0151n tal\u00e1lhat\u00f3 &#8222;Hozz\u00e1j\u00e1rulok&#8221; gombra kattint\u00e1ssal ad meg, a jelen t\u00e1j\u00e9koztat\u00f3ban foglalt megfelel\u0151 t\u00e1j\u00e9koztat\u00e1s alapj\u00e1n. (Infotv. 5.\u00a7 (1) bekezd\u00e9s a) pontja, valamint a GDPR 6. cikk (1) bekezd\u00e9s a) pontja alapj\u00e1n).<\/p>\n<p><b>A kezelt adatok k\u00f6re:<\/b> azonos\u00edt\u00f3sz\u00e1m, d\u00e1tum, id\u0151pont, valamint az el\u0151z\u0151leg megl\u00e1togatott oldal.<\/p>\n<p><b>Az adatt\u00e1rol\u00e1s m\u00f3dja:<\/b> elektronikus.<\/p>\n<p><b>Adattov\u00e1bb\u00edt\u00e1s<\/b>: adattov\u00e1bb\u00edt\u00e1sra nem ker\u00fcl sor.<\/p>\n<ol start=\"4\">\n<li><b><\/b><b>Adatbiztons\u00e1g<\/b><\/li>\n<\/ol>\n<p>Az Adatkezel\u0151 tiszteletben tartja a szem\u00e9lyes adatok biztons\u00e1g\u00e1ra vonatkoz\u00f3 el\u0151\u00edr\u00e1sokat, \u00edgy mind az Adatkezel\u0151, mind az arra jogosult adatfeldolgoz\u00f3 megteszi mindazokat a technikai \u00e9s szervez\u00e9si int\u00e9zked\u00e9seket, \u00e9s kialak\u00edtja azokat az elj\u00e1r\u00e1si szab\u00e1lyokat, amelyek az Infotv., tov\u00e1bb\u00e1 a GDPR titoktart\u00e1sra, \u00e9s az adatkezel\u00e9s biztons\u00e1g\u00e1ra vonatkoz\u00f3 szab\u00e1lyainak \u00e9rv\u00e9nyre juttat\u00e1s\u00e1hoz sz\u00fcks\u00e9gesek.<\/p>\n<p>Az Adatkezel\u0151 az \u00e1ltala kezelt adatokat megfelel\u0151 int\u00e9zked\u00e9sekkel v\u00e9di a jogosulatlan hozz\u00e1f\u00e9r\u00e9s, megv\u00e1ltoztat\u00e1s, tov\u00e1bb\u00edt\u00e1s, nyilv\u00e1noss\u00e1gra hozatal, t\u00f6rl\u00e9s vagy megsemmis\u00edt\u00e9s, valamint a v\u00e9letlen megsemmis\u00fcl\u00e9s, s\u00e9r\u00fcl\u00e9s ellen.<\/p>\n<p>Az Adatkezel\u0151 az adatkezel\u00e9sei sor\u00e1n meg\u0151rzi:<\/p>\n<p>a) a titkoss\u00e1got: megv\u00e9di az inform\u00e1ci\u00f3t, hogy csak az f\u00e9rhessen hozz\u00e1, aki erre jogosult;<\/p>\n<p>b) a s\u00e9rtetlens\u00e9get: megv\u00e9di az inform\u00e1ci\u00f3nak \u00e9s a feldolgoz\u00e1s m\u00f3dszer\u00e9nek a pontoss\u00e1g\u00e1t \u00e9s teljess\u00e9g\u00e9t;<\/p>\n<p>c) a rendelkez\u00e9sre \u00e1ll\u00e1st: gondoskodik arr\u00f3l, hogy amikor a jogosult haszn\u00e1l\u00f3nak sz\u00fcks\u00e9ge van r\u00e1, val\u00f3ban hozz\u00e1 tudjon f\u00e9rni a k\u00edv\u00e1nt inform\u00e1ci\u00f3hoz, \u00e9s rendelkez\u00e9sre \u00e1lljanak az ezzel kapcsolatos eszk\u00f6z\u00f6k.<\/p>\n<p>Az Adatkezel\u0151 megfelel\u0151en v\u00e9di az informatikai rendszereit \u00e9s h\u00e1l\u00f3zatait egyar\u00e1nt a sz\u00e1m\u00edt\u00f3g\u00e9pes csal\u00e1sok, k\u00e9mked\u00e9s, t\u0171z \u00e9s \u00e1rv\u00edz, tov\u00e1bb\u00e1 v\u00edrusok, a sz\u00e1m\u00edt\u00f3g\u00e9pes bet\u00f6r\u00e9sek ellen. Az \u00fczemeltet\u0151 a biztons\u00e1gr\u00f3l szerverszint\u0171 \u00e9s alkalmaz\u00e1sszint\u0171 v\u00e9delmi elj\u00e1r\u00e1sokkal gondoskodik. Az Adatkezel\u0151 megfigyeli a rendszereit annak \u00e9rdek\u00e9ben, hogy minden biztons\u00e1gi incidenst r\u00f6gz\u00edthessen, \u00e9s bizony\u00edt\u00e9kkal szolg\u00e1lhasson minden biztons\u00e1gi esem\u00e9ny eset\u00e9ben. A rendszer megfigyel\u00e9s ezen k\u00edv\u00fcl lehet\u0151v\u00e9 teszi az alkalmazott \u00f3vint\u00e9zked\u00e9sek hat\u00e9konys\u00e1g\u00e1nak ellen\u0151rz\u00e9s\u00e9t is. Az Adatkezel\u0151 \u00e1ltal alkalmazott inform\u00e1ci\u00f3 v\u00e9delmi int\u00e9zked\u00e9sek betart\u00e1s\u00e1t, az \u00e1ltala ig\u00e9nybe vett adatfeldolgoz\u00f3kkal k\u00f6t\u00f6tt szerz\u0151d\u00e9sek rendelkez\u00e9sei alapj\u00e1n megk\u00f6veteli \u00e9s ellen\u0151rzi.<\/p>\n<ol start=\"5\">\n<li><b><\/b><b>\u00c9rintettek jogai, \u00e9s jog\u00e9rv\u00e9nyes\u00edt\u00e9s<\/b><\/li>\n<\/ol>\n<p>Minden, az \u00c9rintett \u00e1ltal az Adatkezel\u0151 rendelkez\u00e9s\u00e9re bocs\u00e1tott szem\u00e9lyes inform\u00e1ci\u00f3nak minden szempontb\u00f3l val\u00f3snak, teljesnek \u00e9s pontosnak kell lennie.<\/p>\n<p>Az \u00e9rintett t\u00e1j\u00e9koztat\u00e1st k\u00e9rhet szem\u00e9lyes adatai kezel\u00e9s\u00e9r\u0151l, valamint k\u00e9rheti szem\u00e9lyes adatainak helyesb\u00edt\u00e9s\u00e9t, illetve &#8211; a k\u00f6telez\u0151 adatkezel\u00e9sek kiv\u00e9tel\u00e9vel &#8211; t\u00f6rl\u00e9s\u00e9t, visszavon\u00e1s\u00e1t, \u00e9lhet adathordoz\u00e1si-, \u00e9s tiltakoz\u00e1si jog\u00e1val az adat felv\u00e9tel\u00e9n\u00e9l jelzett m\u00f3don, illetve az adatkezel\u0151 fenti el\u00e9rhet\u0151s\u00e9gein.<\/p>\n<p>T\u00e1j\u00e9koztat\u00e1shoz val\u00f3 jog: Az Adatkezel\u0151 megfelel\u0151 int\u00e9zked\u00e9seket hoz annak \u00e9rdek\u00e9ben, hogy az \u00e9rintettek r\u00e9sz\u00e9re, a szem\u00e9lyes adatok kezel\u00e9s\u00e9re vonatkoz\u00f3, a GDPR 13. \u00e9s a 14. cikkben eml\u00edtett valamennyi inform\u00e1ci\u00f3t \u00e9s a 15-22. \u00e9s 34. cikk szerinti minden egyes t\u00e1j\u00e9koztat\u00e1st t\u00f6m\u00f6r, \u00e1tl\u00e1that\u00f3, \u00e9rthet\u0151 \u00e9s k\u00f6nnyen hozz\u00e1f\u00e9rhet\u0151 form\u00e1ban, vil\u00e1gosan \u00e9s k\u00f6z\u00e9rthet\u0151en megfogalmazva ny\u00fajtsa.<\/p>\n<p>A t\u00e1j\u00e9koz\u00f3d\u00e1shoz val\u00f3 jog \u00edr\u00e1sban a jelen t\u00e1j\u00e9koztat\u00f3 2. pontj\u00e1ban megjel\u00f6lt el\u00e9rhet\u0151s\u00e9geken kereszt\u00fcl gyakorolhat\u00f3. Az \u00e9rintett r\u00e9sz\u00e9re k\u00e9r\u00e9s\u00e9re &#8211; szem\u00e9lyazonoss\u00e1g\u00e1nak igazol\u00e1s\u00e1t k\u00f6vet\u0151en &#8211; sz\u00f3ban is adhat\u00f3 t\u00e1j\u00e9koztat\u00e1s.<\/p>\n<p>Az \u00e9rintett hozz\u00e1f\u00e9r\u00e9shez val\u00f3 joga: Az \u00e9rintett jogosult arra, hogy az adatkezel\u0151t\u0151l inform\u00e1ci\u00f3t kapjon arra vonatkoz\u00f3an, hogy szem\u00e9lyes adatainak kezel\u00e9se folyamatban van-e, \u00e9s ha ilyen adatkezel\u00e9s folyamatban van, jogosult arra, hogy a szem\u00e9lyes adatokhoz \u00e9s a k\u00f6vetkez\u0151 inform\u00e1ci\u00f3khoz hozz\u00e1f\u00e9r\u00e9st kapjon: az adatkezel\u00e9s c\u00e9ljai; az \u00e9rintett szem\u00e9lyes adatok kateg\u00f3ri\u00e1i; azon c\u00edmzettek vagy c\u00edmzettek kateg\u00f3ri\u00e1i, akikkel, illetve amelyekkel a szem\u00e9lyes adatokat k\u00f6z\u00f6lt\u00e9k vagy k\u00f6z\u00f6lni fogj\u00e1k, ide\u00e9rtve k\u00fcl\u00f6n\u00f6sen a harmadik orsz\u00e1gbeli c\u00edmzetteket, illetve a nemzetk\u00f6zi szervezeteket; a szem\u00e9lyes adatok t\u00e1rol\u00e1s\u00e1nak tervezett id\u0151tartama; a helyesb\u00edt\u00e9s, t\u00f6rl\u00e9s vagy adatkezel\u00e9s korl\u00e1toz\u00e1s\u00e1nak \u00e9s a tiltakoz\u00e1s joga; a fel\u00fcgyeleti hat\u00f3s\u00e1ghoz c\u00edmzett panasz beny\u00fajt\u00e1s\u00e1nak joga; az adatforr\u00e1sokra vonatkoz\u00f3 inform\u00e1ci\u00f3; az automatiz\u00e1lt d\u00f6nt\u00e9shozatal t\u00e9nye, ide\u00e9rtve a profilalkot\u00e1st is, valamint az alkalmazott logik\u00e1ra \u00e9s arra vonatkoz\u00f3 \u00e9rthet\u0151 inform\u00e1ci\u00f3k, hogy az ilyen adatkezel\u00e9s milyen jelent\u0151s\u00e9ggel b\u00edr, \u00e9s az \u00e9rintettre n\u00e9zve milyen v\u00e1rhat\u00f3 k\u00f6vetkezm\u00e9nyekkel j\u00e1r. Szem\u00e9lyes adatok harmadik orsz\u00e1gba vagy nemzetk\u00f6zi szervezet r\u00e9sz\u00e9re t\u00f6rt\u00e9n\u0151 tov\u00e1bb\u00edt\u00e1sa eset\u00e9n az \u00e9rintett jogosult arra, hogy t\u00e1j\u00e9koztat\u00e1st kapjon a tov\u00e1bb\u00edt\u00e1sra vonatkoz\u00f3 megfelel\u0151 garanci\u00e1kr\u00f3l.<\/p>\n<p>Az Adatkezel\u0151 az adatkezel\u00e9s t\u00e1rgy\u00e1t k\u00e9pez\u0151 szem\u00e9lyes adatok m\u00e1solat\u00e1t az \u00e9rintett rendelkez\u00e9s\u00e9re bocs\u00e1tja. Az \u00e9rintett \u00e1ltal k\u00e9rt tov\u00e1bbi m\u00e1solatok\u00e9rt az adatkezel\u0151 az adminisztrat\u00edv k\u00f6lts\u00e9gekhez igazod\u00f3, \u00e9sszer\u0171 m\u00e9rt\u00e9k\u0171 d\u00edjat sz\u00e1m\u00edthat fel. Az \u00e9rintett k\u00e9relm\u00e9re az inform\u00e1ci\u00f3kat az Adatkezel\u0151 elektronikus form\u00e1ban szolg\u00e1ltatja. Az adatkezel\u0151 a k\u00e9relem beny\u00fajt\u00e1s\u00e1t\u00f3l sz\u00e1m\u00edtott legfeljebb egy h\u00f3napon bel\u00fcl adja meg a t\u00e1j\u00e9koztat\u00e1st.<\/p>\n<p>Helyesb\u00edt\u00e9s joga: Az \u00e9rintett k\u00e9rheti az Adatkezel\u0151 \u00e1ltal kezelt, r\u00e1 vonatkoz\u00f3 pontatlan szem\u00e9lyes adatok helyesb\u00edt\u00e9s\u00e9t \u00e9s a hi\u00e1nyos adatok kieg\u00e9sz\u00edt\u00e9s\u00e9t.<\/p>\n<p>T\u00f6rl\u00e9shez val\u00f3 jog: Az \u00e9rintett az al\u00e1bbi indokok valamelyik\u00e9nek fenn\u00e1ll\u00e1sa eset\u00e9n jogosult arra, hogy k\u00e9r\u00e9s\u00e9re az Adatkezel\u0151 indokolatlan k\u00e9sedelem n\u00e9lk\u00fcl t\u00f6r\u00f6lje a r\u00e1 vonatkoz\u00f3 szem\u00e9lyes adatokat:<\/p>\n<p>&#8211; szem\u00e9lyes adatokra m\u00e1r nincs sz\u00fcks\u00e9g abb\u00f3l a c\u00e9lb\u00f3l, amelyb\u0151l azokat gy\u0171jt\u00f6tt\u00e9k vagy m\u00e1s m\u00f3don kezelt\u00e9k;<\/p>\n<p>&#8211; az \u00e9rintett visszavonja az adatkezel\u00e9s alapj\u00e1t k\u00e9pez\u0151 hozz\u00e1j\u00e1rul\u00e1s\u00e1t, \u00e9s az adatkezel\u00e9snek nincs m\u00e1s jogalapja;<\/p>\n<p>&#8211; az \u00e9rintett tiltakozik az adatkezel\u00e9s ellen, \u00e9s nincs els\u0151bbs\u00e9get \u00e9lvez\u0151 jogszer\u0171 ok az adatkezel\u00e9sre;<\/p>\n<p>&#8211; a szem\u00e9lyes adatokat jogellenesen kezelt\u00e9k;<\/p>\n<p>&#8211; a szem\u00e9lyes adatokat az adatkezel\u0151re alkalmazand\u00f3 uni\u00f3s vagy tag\u00e1llami jogban el\u0151\u00edrt jogi k\u00f6telezetts\u00e9g teljes\u00edt\u00e9s\u00e9hez t\u00f6r\u00f6lni kell;<\/p>\n<p>&#8211; a szem\u00e9lyes adatok gy\u0171jt\u00e9s\u00e9re inform\u00e1ci\u00f3s t\u00e1rsadalommal \u00f6sszef\u00fcgg\u0151 szolg\u00e1ltat\u00e1sok k\u00edn\u00e1l\u00e1s\u00e1val kapcsolatban ker\u00fclt sor<\/p>\n<p>Az adatok t\u00f6rl\u00e9se nem kezdem\u00e9nyezhet\u0151, ha az adatkezel\u00e9s sz\u00fcks\u00e9ges: a v\u00e9lem\u00e9nynyilv\u00e1n\u00edt\u00e1s szabads\u00e1g\u00e1hoz \u00e9s a t\u00e1j\u00e9koz\u00f3d\u00e1shoz val\u00f3 jog gyakorl\u00e1sa c\u00e9lj\u00e1b\u00f3l; a szem\u00e9lyes adatok kezel\u00e9s\u00e9t el\u0151\u00edr\u00f3, az adatkezel\u0151re alkalmazand\u00f3 uni\u00f3s vagy tag\u00e1llami jog szerinti k\u00f6telezetts\u00e9g teljes\u00edt\u00e9se, illetve k\u00f6z\u00e9rdekb\u0151l vagy az adatkezel\u0151re ruh\u00e1zott k\u00f6zhatalmi jogos\u00edtv\u00e1ny gyakorl\u00e1sa keret\u00e9ben v\u00e9gzett feladat v\u00e9grehajt\u00e1sa c\u00e9lj\u00e1b\u00f3l; a n\u00e9peg\u00e9szs\u00e9g\u00fcgy ter\u00fclet\u00e9t \u00e9rint\u0151, vagy archiv\u00e1l\u00e1si, tudom\u00e1nyos \u00e9s t\u00f6rt\u00e9nelmi kutat\u00e1si c\u00e9lb\u00f3l vagy statisztikai c\u00e9lb\u00f3l, k\u00f6z\u00e9rdek alapj\u00e1n; vagy jogi ig\u00e9nyek el\u0151terjeszt\u00e9s\u00e9hez, \u00e9rv\u00e9nyes\u00edt\u00e9s\u00e9hez, illetve v\u00e9delm\u00e9hez.<\/p>\n<p>Az adatkezel\u00e9s korl\u00e1toz\u00e1s\u00e1hoz val\u00f3 jog: Az \u00e9rintett k\u00e9r\u00e9s\u00e9re az Adatkezel\u0151 korl\u00e1tozza az adatkezel\u00e9st, ha az al\u00e1bbi felt\u00e9telek valamelyike teljes\u00fcl:<\/p>\n<p>&#8211; az \u00e9rintett vitatja a szem\u00e9lyes adatok pontoss\u00e1g\u00e1t, ez esetben a korl\u00e1toz\u00e1s arra az id\u0151tartamra vonatkozik, amely lehet\u0151v\u00e9 teszi, a szem\u00e9lyes adatok pontoss\u00e1g\u00e1nak ellen\u0151rz\u00e9s\u00e9t;<\/p>\n<p>&#8211; az adatkezel\u00e9s jogellenes, \u00e9s az \u00e9rintett ellenzi az adatok t\u00f6rl\u00e9s\u00e9t, \u00e9s ehelyett k\u00e9ri azok felhaszn\u00e1l\u00e1s\u00e1nak korl\u00e1toz\u00e1s\u00e1t;<\/p>\n<p>&#8211; az adatkezel\u0151nek m\u00e1r nincs sz\u00fcks\u00e9ge a szem\u00e9lyes adatokra adatkezel\u00e9s c\u00e9lj\u00e1b\u00f3l, de az \u00e9rintett ig\u00e9nyli azokat jogi ig\u00e9nyek el\u0151terjeszt\u00e9s\u00e9hez, \u00e9rv\u00e9nyes\u00edt\u00e9s\u00e9hez vagy v\u00e9delm\u00e9hez; vagy<\/p>\n<p>&#8211; az \u00e9rintett tiltakozott az adatkezel\u00e9s ellen; ez esetben a korl\u00e1toz\u00e1s arra az id\u0151tartamra vonatkozik, am\u00edg meg\u00e1llap\u00edt\u00e1sra nem ker\u00fcl, hogy az adatkezel\u0151 jogos indokai els\u0151bbs\u00e9get \u00e9lveznek-e az \u00e9rintett jogos indokaival szemben.<\/p>\n<p>Ha az adatkezel\u00e9s korl\u00e1toz\u00e1s al\u00e1 esik, a szem\u00e9lyes adatokat a t\u00e1rol\u00e1s kiv\u00e9tel\u00e9vel csak az \u00e9rintett hozz\u00e1j\u00e1rul\u00e1s\u00e1val, vagy jogi ig\u00e9nyek el\u0151terjeszt\u00e9s\u00e9hez, \u00e9rv\u00e9nyes\u00edt\u00e9s\u00e9hez vagy v\u00e9delm\u00e9hez, vagy m\u00e1s term\u00e9szetes vagy jogi szem\u00e9ly jogainak v\u00e9delme \u00e9rdek\u00e9ben, vagy az Uni\u00f3, illetve valamely tag\u00e1llam fontos k\u00f6z\u00e9rdek\u00e9b\u0151l lehet kezelni. Az Adatkezel\u0151 az \u00e9rintettet az adatkezel\u00e9s korl\u00e1toz\u00e1s\u00e1nak felold\u00e1s\u00e1r\u00f3l el\u0151zetesen t\u00e1j\u00e9koztatja.<\/p>\n<p>Adathordoz\u00e1shoz val\u00f3 jog: Az \u00e9rintett jogosult arra, hogy a r\u00e1 vonatkoz\u00f3, \u00e1ltala az adatkezel\u0151 rendelkez\u00e9s\u00e9re bocs\u00e1tott szem\u00e9lyes adatokat tagolt, sz\u00e9les k\u00f6rben haszn\u00e1lt, g\u00e9ppel olvashat\u00f3 form\u00e1tumban megkapja, tov\u00e1bb\u00e1, hogy ezeket az adatokat egy m\u00e1sik adatkezel\u0151nek tov\u00e1bb\u00edtsa.<\/p>\n<p>Tiltakoz\u00e1s joga: Az \u00e9rintett jogosult arra, hogy a saj\u00e1t helyzet\u00e9vel kapcsolatos okokb\u00f3l b\u00e1rmikor tiltakozzon szem\u00e9lyes adatainak k\u00f6z\u00e9rdek\u0171 vagy az adatkezel\u0151re ruh\u00e1zott k\u00f6zhatalmi jogos\u00edtv\u00e1ny gyakorl\u00e1s\u00e1nak keret\u00e9ben v\u00e9gzett feladat v\u00e9grehajt\u00e1s\u00e1hoz sz\u00fcks\u00e9ges adatkezel\u00e9s, vagy az adatkezel\u0151 vagy egy harmadik f\u00e9l jogos \u00e9rdekeinek \u00e9rv\u00e9nyes\u00edt\u00e9s\u00e9hez sz\u00fcks\u00e9ges kezel\u00e9se ellen, ide\u00e9rtve az eml\u00edtett rendelkez\u00e9seken alapul\u00f3 profilalkot\u00e1st is. Tiltakoz\u00e1s eset\u00e9n az adatkezel\u0151 a szem\u00e9lyes adatokat nem kezelheti tov\u00e1bb, kiv\u00e9ve, ha azt olyan k\u00e9nyszer\u00edt\u0151 erej\u0171 jogos okok indokolj\u00e1k, amelyek els\u0151bbs\u00e9get \u00e9lveznek az \u00e9rintett \u00e9rdekeivel, jogaival \u00e9s szabads\u00e1gaival szemben, vagy amelyek jogi ig\u00e9nyek el\u0151terjeszt\u00e9s\u00e9hez, \u00e9rv\u00e9nyes\u00edt\u00e9s\u00e9hez vagy v\u00e9delm\u00e9hez kapcsol\u00f3dnak. Ha a szem\u00e9lyes adatok kezel\u00e9se k\u00f6zvetlen \u00fczletszerz\u00e9s \u00e9rdek\u00e9ben t\u00f6rt\u00e9nik, az \u00e9rintett jogosult arra, hogy b\u00e1rmikor tiltakozzon a r\u00e1 vonatkoz\u00f3 szem\u00e9lyes adatok e c\u00e9lb\u00f3l t\u00f6rt\u00e9n\u0151 kezel\u00e9se ellen, ide\u00e9rtve a profilalkot\u00e1st is, amennyiben az a k\u00f6zvetlen \u00fczletszerz\u00e9shez kapcsol\u00f3dik. A szem\u00e9lyes adatok k\u00f6zvetlen \u00fczletszerz\u00e9s \u00e9rdek\u00e9ben t\u00f6rt\u00e9n\u0151 kezel\u00e9se elleni tiltakoz\u00e1s eset\u00e9n az adatok e c\u00e9lb\u00f3l nem kezelhet\u0151k.<\/p>\n<p>Automatiz\u00e1lt d\u00f6nt\u00e9shozatal egyedi \u00fcgyekben, bele\u00e9rtve a profilalkot\u00e1st: Az \u00e9rintett jogosult arra, hogy ne terjedjen ki r\u00e1 az olyan, kiz\u00e1r\u00f3lag automatiz\u00e1lt adatkezel\u00e9sen &#8211; ide\u00e9rtve a profilalkot\u00e1st is &#8211; alapul\u00f3 d\u00f6nt\u00e9s hat\u00e1lya, amely r\u00e1 n\u00e9zve joghat\u00e1ssal j\u00e1rna vagy \u0151t hasonl\u00f3k\u00e9ppen jelent\u0151s m\u00e9rt\u00e9kben \u00e9rinten\u00e9.<\/p>\n<p>Nem alkalmazhat\u00f3 a fenti jogosults\u00e1g, ha az adatkezel\u00e9s<\/p>\n<p>&#8211; az \u00e9rintett \u00e9s az adatkezel\u0151 k\u00f6z\u00f6tti szerz\u0151d\u00e9s megk\u00f6t\u00e9se vagy teljes\u00edt\u00e9se \u00e9rdek\u00e9ben sz\u00fcks\u00e9ges;<\/p>\n<p>&#8211; meghozatal\u00e1t az adatkezel\u0151re alkalmazand\u00f3 olyan uni\u00f3s vagy tag\u00e1llami jog teszi lehet\u0151v\u00e9, amely az \u00e9rintett jogainak \u00e9s szabads\u00e1gainak, valamint jogos \u00e9rdekeinek v\u00e9delm\u00e9t szolg\u00e1l\u00f3 megfelel\u0151 int\u00e9zked\u00e9seket is meg\u00e1llap\u00edt; vagy<\/p>\n<p>&#8211; az \u00e9rintett kifejezett hozz\u00e1j\u00e1rul\u00e1s\u00e1n alapul.<\/p>\n<p>Visszavon\u00e1s joga: Az \u00e9rintett jogosult arra, hogy hozz\u00e1j\u00e1rul\u00e1s\u00e1t b\u00e1rmikor visszavonja. A hozz\u00e1j\u00e1rul\u00e1s visszavon\u00e1sa nem \u00e9rinti a hozz\u00e1j\u00e1rul\u00e1son alapul\u00f3, a visszavon\u00e1s el\u0151tti adatkezel\u00e9s jogszer\u0171s\u00e9g\u00e9t.<\/p>\n<p>Elj\u00e1r\u00e1si szab\u00e1lyok: Az adatkezel\u0151 indokolatlan k\u00e9sedelem n\u00e9lk\u00fcl, de mindenf\u00e9lek\u00e9ppen a k\u00e9relem be\u00e9rkez\u00e9s\u00e9t\u0151l sz\u00e1m\u00edtott egy h\u00f3napon bel\u00fcl t\u00e1j\u00e9koztatja az \u00e9rintettet a GDPR 15-22. cikk szerinti k\u00e9relem nyom\u00e1n hozott int\u00e9zked\u00e9sekr\u0151l. Sz\u00fcks\u00e9g eset\u00e9n, figyelembe v\u00e9ve a k\u00e9relem \u00f6sszetetts\u00e9g\u00e9t \u00e9s a k\u00e9relmek sz\u00e1m\u00e1t, ez a hat\u00e1rid\u0151 tov\u00e1bbi k\u00e9t h\u00f3nappal meghosszabb\u00edthat\u00f3.<\/p>\n<p>A hat\u00e1rid\u0151 meghosszabb\u00edt\u00e1s\u00e1r\u00f3l az adatkezel\u0151 a k\u00e9sedelem okainak megjel\u00f6l\u00e9s\u00e9vel a k\u00e9relem k\u00e9zhezv\u00e9tel\u00e9t\u0151l sz\u00e1m\u00edtott egy h\u00f3napon bel\u00fcl t\u00e1j\u00e9koztatja az \u00e9rintettet. Ha az \u00e9rintett elektronikus \u00faton ny\u00fajtotta be a k\u00e9relmet, a t\u00e1j\u00e9koztat\u00e1s elektronikus \u00faton ker\u00fcl megad\u00e1sra, kiv\u00e9ve, ha az \u00e9rintett azt m\u00e1sk\u00e9nt k\u00e9ri.<\/p>\n<p>Ha az adatkezel\u0151 nem tesz int\u00e9zked\u00e9seket az \u00e9rintett k\u00e9relme nyom\u00e1n, k\u00e9sedelem n\u00e9lk\u00fcl, de legk\u00e9s\u0151bb a k\u00e9relem be\u00e9rkez\u00e9s\u00e9t\u0151l sz\u00e1m\u00edtott egy h\u00f3napon bel\u00fcl t\u00e1j\u00e9koztatja az \u00e9rintettet az int\u00e9zked\u00e9s elmarad\u00e1s\u00e1nak okair\u00f3l, valamint arr\u00f3l, hogy az \u00e9rintett panaszt ny\u00fajthat be valamely fel\u00fcgyeleti hat\u00f3s\u00e1gn\u00e1l, \u00e9s \u00e9lhet b\u00edr\u00f3s\u00e1gi jogorvoslati jog\u00e1val.<\/p>\n<p>Az Adatkezel\u0151 a k\u00e9rt inform\u00e1ci\u00f3kat \u00e9s t\u00e1j\u00e9koztat\u00e1st d\u00edjmentesen biztos\u00edtja. Ha az \u00e9rintett k\u00e9relme egy\u00e9rtelm\u0171en megalapozatlan vagy &#8211; k\u00fcl\u00f6n\u00f6sen ism\u00e9tl\u0151d\u0151 jellege miatt &#8211; t\u00falz\u00f3, az adatkezel\u0151, figyelemmel a k\u00e9rt inform\u00e1ci\u00f3 vagy t\u00e1j\u00e9koztat\u00e1s ny\u00fajt\u00e1s\u00e1val vagy a k\u00e9rt int\u00e9zked\u00e9s meghozatal\u00e1val j\u00e1r\u00f3 adminisztrat\u00edv k\u00f6lts\u00e9gekre \u00e9szszer\u0171 d\u00edjat sz\u00e1molhat fel, vagy megtagadhatja a k\u00e9relem alapj\u00e1n t\u00f6rt\u00e9n\u0151 int\u00e9zked\u00e9st.<\/p>\n<p>Az adatkezel\u0151 minden olyan c\u00edmzettet t\u00e1j\u00e9koztat az \u00e1ltala v\u00e9gzett valamennyi helyesb\u00edt\u00e9sr\u0151l, t\u00f6rl\u00e9sr\u0151l vagy adatkezel\u00e9s-korl\u00e1toz\u00e1sr\u00f3l, akivel, illetve amellyel a szem\u00e9lyes adatot k\u00f6z\u00f6lt\u00e9k, kiv\u00e9ve, ha ez lehetetlennek bizonyul, vagy ar\u00e1nytalanul nagy er\u0151fesz\u00edt\u00e9st ig\u00e9nyel. Az \u00e9rintettet k\u00e9r\u00e9s\u00e9re az adatkezel\u0151 t\u00e1j\u00e9koztatja e c\u00edmzettekr\u0151l.<\/p>\n<p>Az adatkezel\u0151 az adatkezel\u00e9s t\u00e1rgy\u00e1t k\u00e9pez\u0151 szem\u00e9lyes adatok m\u00e1solat\u00e1t az \u00e9rintett rendelkez\u00e9s\u00e9re bocs\u00e1tja. Az \u00e9rintett \u00e1ltal k\u00e9rt tov\u00e1bbi m\u00e1solatok\u00e9rt az adatkezel\u0151 az adminisztrat\u00edv k\u00f6lts\u00e9geken alapul\u00f3, \u00e9sszer\u0171 m\u00e9rt\u00e9k\u0171 d\u00edjat sz\u00e1m\u00edthat fel. Ha az \u00e9rintett elektronikus \u00faton ny\u00fajtotta be a k\u00e9relmet, az inform\u00e1ci\u00f3k elektronikus form\u00e1tumban ker\u00fclnek rendelkez\u00e9sre bocs\u00e1t\u00e1sra, kiv\u00e9ve, ha az \u00e9rintett m\u00e1sk\u00e9nt k\u00e9ri.<\/p>\n<p>K\u00e1rt\u00e9r\u00edt\u00e9s \u00e9s s\u00e9relemd\u00edj: Minden olyan szem\u00e9ly, aki Rendelet megs\u00e9rt\u00e9s\u00e9nek eredm\u00e9nyek\u00e9nt vagyoni vagy nem vagyoni k\u00e1rt szenvedett, az elszenvedett k\u00e1r\u00e9rt az adatkezel\u0151t\u0151l vagy az adatfeldolgoz\u00f3t\u00f3l k\u00e1rt\u00e9r\u00edt\u00e9sre jogosult. Az adatfeldolgoz\u00f3 csak abban az esetben tartozik felel\u0151ss\u00e9ggel az adatkezel\u00e9s \u00e1ltal okozott k\u00e1rok\u00e9rt, ha nem tartotta be a jogszab\u00e1lyban meghat\u00e1rozott, kifejezetten az adatfeldolgoz\u00f3kat terhel\u0151 k\u00f6telezetts\u00e9geket, vagy ha az adatkezel\u0151 jogszer\u0171 utas\u00edt\u00e1sait figyelmen k\u00edv\u00fcl hagyta vagy azokkal ellent\u00e9tesen j\u00e1rt el.<\/p>\n<p>Ha t\u00f6bb adatkezel\u0151 vagy t\u00f6bb adatfeldolgoz\u00f3 vagy mind az adatkezel\u0151 mind az adatfeldolgoz\u00f3 \u00e9rintett ugyanabban az adatkezel\u00e9sben, \u00e9s felel\u0151ss\u00e9ggel tartozik az adatkezel\u00e9s \u00e1ltal okozott k\u00e1rok\u00e9rt, minden egyes adatkezel\u0151 vagy adatfeldolgoz\u00f3 egyetemleges felel\u0151ss\u00e9ggel tartozik a teljes k\u00e1r\u00e9rt.<\/p>\n<p>Az adatkezel\u0151, illetve az adatfeldolgoz\u00f3 mentes\u00fcl a felel\u0151ss\u00e9g al\u00f3l, ha bizony\u00edtja, hogy a k\u00e1rt el\u0151id\u00e9z\u0151 esem\u00e9ny\u00e9rt \u0151t semmilyen m\u00f3don nem terheli felel\u0151ss\u00e9g.<\/p>\n<p>Adatv\u00e9delmi hat\u00f3s\u00e1gi elj\u00e1r\u00e1s: Az \u00e9rintett a szem\u00e9lyes adatainak kezel\u00e9s\u00e9vel kapcsolatban panaszt ny\u00fajthat be a Nemzeti Adatv\u00e9delmi \u00e9s Inform\u00e1ci\u00f3szabads\u00e1g Hat\u00f3s\u00e1ghoz<\/p>\n<p>N\u00e9v: Nemzeti Adatv\u00e9delmi \u00e9s Inform\u00e1ci\u00f3szabads\u00e1g Hat\u00f3s\u00e1g<\/p>\n<p>Sz\u00e9khely: 1055 Budapest, Falk Miksa utca 9-11<span class=\"Apple-converted-space\">\u00a0<\/span><\/p>\n<p>Levelez\u00e9si c\u00edm: 1363 Budapest, Pf.: 9.<\/p>\n<p>E-mail: <a href=\"mailto:ugyfelszolgalat@naih.hu\">ugyfelszolgalat@naih.hu<\/a><\/p>\n<p>Honlap: https:\/\/www.naih.hu<\/p>\n<p>B\u00edr\u00f3s\u00e1ghoz fordul\u00e1s joga: Az \u00e9rintett a jogainak megs\u00e9rt\u00e9se eset\u00e9n, a panasz beny\u00fajt\u00e1s\u00e1t\u00f3l f\u00fcggetlen\u00fcl, az adatkezel\u0151 ellen b\u00edr\u00f3s\u00e1ghoz fordulhat. A b\u00edr\u00f3s\u00e1g az \u00fcgyben soron k\u00edv\u00fcl j\u00e1r el.<\/p>\t\t\t\t\t\t\t\t<\/div>\n\t\t\t\t<\/div>\n\t\t\t\t\t<\/div>\n\t\t<\/div>\n\t\t\t\t\t<\/div>\n\t\t<\/section>\n\t\t\t\t<\/div>","protected":false},"excerpt":{"rendered":"<p>Kezd\u0151oldal Jelen dokumentum Szilbek-Kir\u00e1ly Lilla egy\u00e9ni v\u00e1llalkoz\u00f3, mint adatkezel\u0151 (a tov\u00e1bbiakban: Adatkezel\u0151) \u00fcgyfelei, valamint a weboldala (www.kinesisgyogytorna.hu) l\u00e1togat\u00f3i r\u00e9sz\u00e9re ad t\u00e1j\u00e9koztat\u00e1st.\u00a0 \u00a0\u00a0 Jelen dokumentum c\u00e9lja Az Adatkezel\u0151 \u00fcgyfelei (a tov\u00e1bbiakban: \u00c9rintett), szem\u00e9lyes adatait kezeli az inform\u00e1ci\u00f3s \u00f6nrendelkez\u00e9si jogr\u00f3l \u00e9s az inform\u00e1ci\u00f3szabads\u00e1gr\u00f3l sz\u00f3l\u00f3 2011. \u00e9vi CXII. t\u00f6rv\u00e9ny (a tov\u00e1bbiakban: Infotv.), tov\u00e1bb\u00e1 a term\u00e9szetes szem\u00e9lyeknek a szem\u00e9lyes [&hellip;]<\/p>\n","protected":false},"author":1,"featured_media":0,"parent":0,"menu_order":0,"comment_status":"closed","ping_status":"open","template":"","meta":{"footnotes":""},"class_list":["post-3","page","type-page","status-publish","hentry"],"_links":{"self":[{"href":"https:\/\/kinesisgyogytorna.hu\/de\/wp-json\/wp\/v2\/pages\/3","targetHints":{"allow":["GET"]}}],"collection":[{"href":"https:\/\/kinesisgyogytorna.hu\/de\/wp-json\/wp\/v2\/pages"}],"about":[{"href":"https:\/\/kinesisgyogytorna.hu\/de\/wp-json\/wp\/v2\/types\/page"}],"author":[{"embeddable":true,"href":"https:\/\/kinesisgyogytorna.hu\/de\/wp-json\/wp\/v2\/users\/1"}],"replies":[{"embeddable":true,"href":"https:\/\/kinesisgyogytorna.hu\/de\/wp-json\/wp\/v2\/comments?post=3"}],"version-history":[{"count":7,"href":"https:\/\/kinesisgyogytorna.hu\/de\/wp-json\/wp\/v2\/pages\/3\/revisions"}],"predecessor-version":[{"id":1001,"href":"https:\/\/kinesisgyogytorna.hu\/de\/wp-json\/wp\/v2\/pages\/3\/revisions\/1001"}],"wp:attachment":[{"href":"https:\/\/kinesisgyogytorna.hu\/de\/wp-json\/wp\/v2\/media?parent=3"}],"curies":[{"name":"wp","href":"https:\/\/api.w.org\/{rel}","templated":true}]}}